{"id":2,"date":"2011-12-25T17:28:55","date_gmt":"2011-12-25T17:28:55","guid":{"rendered":"http:\/\/guillaume-tell-watten.fr\/\/?page_id=2"},"modified":"2024-03-01T18:56:32","modified_gmt":"2024-03-01T17:56:32","slug":"about","status":"publish","type":"page","link":"https:\/\/guillaume-tell-watten.fr\/?page_id=2","title":{"rendered":"Le comit\u00e9"},"content":{"rendered":"<p>&nbsp;<\/p>\n<p><span style=\"font-family: Ubuntu;\">PR\u00c9SIDENT<\/span><span style=\"font-family: Ubuntu;\"> &nbsp;Nom&nbsp;&nbsp;&nbsp;&nbsp;&nbsp;<\/span><strong><span style=\"font-family: Ubuntu;\">DELHAYE<\/span><\/strong><span style=\"font-family: Ubuntu;\">&nbsp;&nbsp;&nbsp;&nbsp;&nbsp;&nbsp;&nbsp;&nbsp;&nbsp;&nbsp;&nbsp;&nbsp;&nbsp;&nbsp;&nbsp;&nbsp;&nbsp;&nbsp;&nbsp;&nbsp;&nbsp;&nbsp;&nbsp;&nbsp;&nbsp;&nbsp;&nbsp;&nbsp;&nbsp;&nbsp;&nbsp;&nbsp;&nbsp;&nbsp;&nbsp;&nbsp;&nbsp;&nbsp;&nbsp;&nbsp;&nbsp;&nbsp;&nbsp; Pr\u00e9nom&nbsp;&nbsp;&nbsp;<\/span><strong><span style=\"font-family: Ubuntu;\">Daniel<\/span><\/strong><\/p>\n<p><span style=\"font-family: Ubuntu;\">Adresse<\/span><strong><span style=\"font-family: Ubuntu;\">&nbsp; 21 rue du Communal 62890 Muncq-Nieurlet<\/span><\/strong><\/p>\n<p><span style=\"font-family: Ubuntu;\">T\u00e9l\u00e9phone<\/span><strong><span style=\"font-family: Ubuntu;\">&nbsp; &nbsp; &nbsp; &nbsp; &nbsp; &nbsp; &nbsp; &nbsp; &nbsp; &nbsp; &nbsp; &nbsp; &nbsp; &nbsp; &nbsp;<\/span><\/strong><span style=\"font-family: Ubuntu;\">&nbsp; &nbsp; &nbsp; Portable:&nbsp;<\/span><strong><span style=\"font-family: Ubuntu;\">0652277028<\/span><\/strong><\/p>\n<p>__________________________________________________________<\/p>\n<p><span style=\"font-family: Ubuntu;\">TR\u00c9SORIER<\/span><span style=\"font-family: Ubuntu;\"> &nbsp;Nom&nbsp;&nbsp;&nbsp;&nbsp;&nbsp;&nbsp;<\/span><strong><span style=\"font-family: Ubuntu;\">DELHAYE&nbsp;&nbsp;&nbsp;&nbsp;&nbsp;&nbsp;&nbsp;&nbsp;&nbsp;<\/span><\/strong><span style=\"font-family: Ubuntu;\">&nbsp;&nbsp;&nbsp;&nbsp;&nbsp;&nbsp;&nbsp;&nbsp;&nbsp;&nbsp;&nbsp;&nbsp;&nbsp;&nbsp;&nbsp;&nbsp;&nbsp;&nbsp;&nbsp;&nbsp;&nbsp;&nbsp;&nbsp;&nbsp;&nbsp;&nbsp;&nbsp;&nbsp;&nbsp;&nbsp;&nbsp;&nbsp;&nbsp;&nbsp;Pr\u00e9nom&nbsp;&nbsp;&nbsp;<\/span><strong><span style=\"font-family: Ubuntu;\">&nbsp;Myriam<\/span><\/strong><span style=\"font-family: Ubuntu;\">&nbsp;<\/span><\/p>\n<p><span style=\"font-family: Ubuntu;\">Adresse &nbsp; <strong>21 rue du Communal 62890 Muncq-Nieurlet<\/strong><\/span><\/p>\n<p><span style=\"font-family: Ubuntu;\">T\u00e9l\u00e9phone&nbsp;&nbsp;&nbsp;&nbsp;&nbsp;<\/span><strong><span style=\"font-family: Ubuntu;\">03 21 88 00 68&nbsp; &nbsp; <\/span><\/strong><span style=\"font-family: Ubuntu;\">&nbsp;Portable:<\/span><strong><span style=\"font-family: Ubuntu;\"> 0687468005<\/span><\/strong><\/p>\n<p>___________________________________________________________<\/p>\n<p><span style=\"font-family: Ubuntu;\">SECR\u00c9TAIRE<\/span><span style=\"font-family: Ubuntu;\"> : Nom &nbsp; &nbsp;<\/span><strong>DELHAYE &nbsp; &nbsp; &nbsp; &nbsp; &nbsp; &nbsp; &nbsp; &nbsp; &nbsp; &nbsp; &nbsp; &nbsp; &nbsp; &nbsp; &nbsp; &nbsp; &nbsp; &nbsp; &nbsp; &nbsp; &nbsp; <\/strong>Pr\u00e9nom: <strong>J\u00e9r\u00e9my<\/strong><\/p>\n<p>Adresse:&nbsp;<\/p>\n<p>T\u00e9l\u00e9phone: <strong>06 76 07 39 30<\/strong><\/p>\n<p>___________________________________________________________<\/p>\n<p><span style=\"font-family: Ubuntu;\">V. PR\u00c9SIDENT&nbsp; Nom&nbsp; &nbsp; <strong>DELHAYE <\/strong><\/span><span style=\"font-family: Ubuntu;\"><strong>&nbsp;<\/strong> &nbsp; &nbsp; &nbsp; &nbsp; &nbsp; &nbsp; &nbsp; &nbsp; &nbsp; &nbsp; &nbsp; &nbsp; &nbsp; &nbsp; &nbsp; &nbsp; &nbsp; &nbsp; Pr\u00e9nom&nbsp; <strong>&nbsp;Simon<\/strong><\/span><\/p>\n<p><span style=\"font-family: Ubuntu;\">Adresse&nbsp; <strong>2 rue du cardinal Li\u00e9nart, 59200 Tourcoing.<\/strong><\/span><\/p>\n<p><span style=\"font-family: Ubuntu;\">T\u00e9l\u00e9phone : <\/span><strong><span style=\"font-family: Ubuntu;\">&nbsp; &nbsp;06 52 43 75 09<\/span><\/strong><\/p>\n<p>&nbsp;<\/p>\n<p>&nbsp;<\/p>\n<p><span style=\"font-family: 'Lucida Calligraphy';\">&nbsp;<\/span><\/p>\n","protected":false},"excerpt":{"rendered":"<p>&nbsp; PR\u00c9SIDENT &nbsp;Nom&nbsp;&nbsp;&nbsp;&nbsp;&nbsp;DELHAYE&nbsp;&nbsp;&nbsp;&nbsp;&nbsp;&nbsp;&nbsp;&nbsp;&nbsp;&nbsp;&nbsp;&nbsp;&nbsp;&nbsp;&nbsp;&nbsp;&nbsp;&nbsp;&nbsp;&nbsp;&nbsp;&nbsp;&nbsp;&nbsp;&nbsp;&nbsp;&nbsp;&nbsp;&nbsp;&nbsp;&nbsp;&nbsp;&nbsp;&nbsp;&nbsp;&nbsp;&nbsp;&nbsp;&nbsp;&nbsp;&nbsp;&nbsp;&nbsp; Pr\u00e9nom&nbsp;&nbsp;&nbsp;Daniel Adresse&nbsp; 21 rue du Communal 62890 Muncq-Nieurlet T\u00e9l\u00e9phone&nbsp; &nbsp; &nbsp; &nbsp; &nbsp; &nbsp; &nbsp; &nbsp; &nbsp; &nbsp; &nbsp; &nbsp; &nbsp; &nbsp; &nbsp;&nbsp; &nbsp; &nbsp; Portable:&nbsp;0652277028 __________________________________________________________ TR\u00c9SORIER &nbsp;Nom&nbsp;&nbsp;&nbsp;&nbsp;&nbsp;&nbsp;DELHAYE&nbsp;&nbsp;&nbsp;&nbsp;&nbsp;&nbsp;&nbsp;&nbsp;&nbsp;&nbsp;&nbsp;&nbsp;&nbsp;&nbsp;&nbsp;&nbsp;&nbsp;&nbsp;&nbsp;&nbsp;&nbsp;&nbsp;&nbsp;&nbsp;&nbsp;&nbsp;&nbsp;&nbsp;&nbsp;&nbsp;&nbsp;&nbsp;&nbsp;&nbsp;&nbsp;&nbsp;&nbsp;&nbsp;&nbsp;&nbsp;&nbsp;&nbsp;&nbsp;Pr\u00e9nom&nbsp;&nbsp;&nbsp;&nbsp;Myriam&nbsp; Adresse &nbsp; 21 rue du Communal 62890 Muncq-Nieurlet &hellip; <a href=\"https:\/\/guillaume-tell-watten.fr\/?page_id=2\">Continuer la lecture <span class=\"meta-nav\">&rarr;<\/span><\/a><\/p>\n","protected":false},"author":1,"featured_media":0,"parent":0,"menu_order":0,"comment_status":"open","ping_status":"open","template":"","meta":{"ngg_post_thumbnail":0,"footnotes":""},"class_list":["post-2","page","type-page","status-publish","hentry"],"_links":{"self":[{"href":"https:\/\/guillaume-tell-watten.fr\/index.php?rest_route=\/wp\/v2\/pages\/2","targetHints":{"allow":["GET"]}}],"collection":[{"href":"https:\/\/guillaume-tell-watten.fr\/index.php?rest_route=\/wp\/v2\/pages"}],"about":[{"href":"https:\/\/guillaume-tell-watten.fr\/index.php?rest_route=\/wp\/v2\/types\/page"}],"author":[{"embeddable":true,"href":"https:\/\/guillaume-tell-watten.fr\/index.php?rest_route=\/wp\/v2\/users\/1"}],"replies":[{"embeddable":true,"href":"https:\/\/guillaume-tell-watten.fr\/index.php?rest_route=%2Fwp%2Fv2%2Fcomments&post=2"}],"version-history":[{"count":8,"href":"https:\/\/guillaume-tell-watten.fr\/index.php?rest_route=\/wp\/v2\/pages\/2\/revisions"}],"predecessor-version":[{"id":553,"href":"https:\/\/guillaume-tell-watten.fr\/index.php?rest_route=\/wp\/v2\/pages\/2\/revisions\/553"}],"wp:attachment":[{"href":"https:\/\/guillaume-tell-watten.fr\/index.php?rest_route=%2Fwp%2Fv2%2Fmedia&parent=2"}],"curies":[{"name":"wp","href":"https:\/\/api.w.org\/{rel}","templated":true}]}}